{"id":1766,"date":"2025-07-11T12:44:32","date_gmt":"2025-07-11T10:44:32","guid":{"rendered":"https:\/\/www.luise-dahlem.de\/events\/"},"modified":"2025-10-10T17:14:16","modified_gmt":"2025-10-10T15:14:16","slug":"events","status":"publish","type":"page","link":"https:\/\/www.luise-dahlem.de\/en\/events\/","title":{"rendered":"events"},"content":{"rendered":"\t\t<div data-elementor-type=\"wp-page\" data-elementor-id=\"1766\" class=\"elementor elementor-1766 elementor-1184\" data-elementor-post-type=\"page\">\n\t\t\t\t<div class=\"elementor-element elementor-element-83d82c5 e-con-full e-flex e-con e-parent\" data-id=\"83d82c5\" data-element_type=\"container\" data-settings=\"{&quot;background_background&quot;:&quot;classic&quot;}\">\n\t\t<div class=\"elementor-element elementor-element-996cc86 e-con-full e-flex e-con e-child\" data-id=\"996cc86\" data-element_type=\"container\" data-settings=\"{&quot;background_background&quot;:&quot;classic&quot;}\">\n\t\t\t\t<div class=\"elementor-element elementor-element-50a77b6 elementor--h-position-center elementor--v-position-middle elementor-arrows-position-inside elementor-pagination-position-inside elementor-widget elementor-widget-slides\" data-id=\"50a77b6\" data-element_type=\"widget\" data-settings=\"{&quot;motion_fx_motion_fx_scrolling&quot;:&quot;yes&quot;,&quot;autoplay_speed&quot;:7000,&quot;transition&quot;:&quot;fade&quot;,&quot;navigation&quot;:&quot;both&quot;,&quot;autoplay&quot;:&quot;yes&quot;,&quot;pause_on_hover&quot;:&quot;yes&quot;,&quot;pause_on_interaction&quot;:&quot;yes&quot;,&quot;infinite&quot;:&quot;yes&quot;,&quot;transition_speed&quot;:500,&quot;motion_fx_devices&quot;:[&quot;desktop&quot;,&quot;tablet&quot;,&quot;mobile&quot;]}\" data-widget_type=\"slides.default\">\n\t\t\t\t<div class=\"elementor-widget-container\">\n\t\t\t\t\t\t\t\t\t<div class=\"elementor-swiper\">\n\t\t\t\t\t<div class=\"elementor-slides-wrapper elementor-main-swiper swiper\" role=\"region\" aria-roledescription=\"carousel\" aria-label=\"Luise Header\" dir=\"ltr\" data-animation=\"fadeInUp\">\n\t\t\t\t<div class=\"swiper-wrapper elementor-slides\">\n\t\t\t\t\t\t\t\t\t\t<div class=\"elementor-repeater-item-79826f4 swiper-slide\" role=\"group\" aria-roledescription=\"slide\"><div class=\"swiper-slide-bg elementor-ken-burns elementor-ken-burns--in\" role=\"img\" aria-label=\"Heller Speiseraum des Restaurants Luise Dahlem mit elegant gedeckten Tischen, wei\u00dfen Tischdecken, frischen Tulpen in Vasen und modernen Holzelementen an den W\u00e4nden.\"><\/div><div class=\"swiper-slide-inner\" ><div class=\"swiper-slide-contents\"><div class=\"elementor-slide-heading\">Family celebrations or company events  <\/div><div class=\"elementor-slide-description\"><p>Whether it's a birthday, wedding or corporate event,<br \/>die LUISE has the right rooms<br \/>with special charm and individual service for every occasion.<\/p>\n<\/div><a href=\"#elementor-action%3Aaction%3Dpopup%3Aopen%26settings%3DeyJpZCI6IjEyOTciLCJ0b2dnbGUiOmZhbHNlfQ%3D%3D\" class=\"elementor-button elementor-slide-button elementor-size-md\">OFFER REQUEST<\/a><\/div><\/div><\/div><div class=\"elementor-repeater-item-02050c7 swiper-slide\" role=\"group\" aria-roledescription=\"slide\"><div class=\"swiper-slide-bg elementor-ken-burns elementor-ken-burns--in\" role=\"img\" aria-label=\"Festlich gedeckter Gastraum im Restaurant \u201eLuise\u201c\"><\/div><div class=\"swiper-slide-inner\" ><div class=\"swiper-slide-contents\"><\/div><\/div><\/div><div class=\"elementor-repeater-item-33b95b2 swiper-slide\" role=\"group\" aria-roledescription=\"slide\"><div class=\"swiper-slide-bg elementor-ken-burns elementor-ken-burns--in\" role=\"img\" aria-label=\"Luise Dahlem - Eventraum - Raumaufnahmen - (c) Steffen Sinzinger \u2022 Content &amp; Communication - 250303 -18\"><\/div><div class=\"swiper-slide-inner\" ><div class=\"swiper-slide-contents\"><div class=\"elementor-slide-heading\">Slider heading<\/div><div class=\"elementor-slide-description\"><p>Lorem ipsum dolor sit amet, consectetur adipiscing elit. Ut elit tellus, luctus nec ullamcorper mattis, pulvinar dapibus leo. <\/p>\n<\/div><div  class=\"elementor-button elementor-slide-button elementor-size-md\">Click here<\/div><\/div><\/div><\/div>\t\t\t\t<\/div>\n\t\t\t\t\t\t\t\t\t\t\t\t\t\t\t<div class=\"elementor-swiper-button elementor-swiper-button-prev\" role=\"button\" tabindex=\"0\" aria-label=\"Previous slide\">\n\t\t\t\t\t\t\t<svg aria-hidden=\"true\" class=\"e-font-icon-svg e-eicon-chevron-left\" viewBox=\"0 0 1000 1000\" xmlns=\"http:\/\/www.w3.org\/2000\/svg\"><path d=\"M646 125C629 125 613 133 604 142L308 442C296 454 292 471 292 487 292 504 296 521 308 533L604 854C617 867 629 875 646 875 663 875 679 871 692 858 704 846 713 829 713 812 713 796 708 779 692 767L438 487 692 225C700 217 708 204 708 187 708 171 704 154 692 142 675 129 663 125 646 125Z\"><\/path><\/svg>\t\t\t\t\t\t<\/div>\n\t\t\t\t\t\t<div class=\"elementor-swiper-button elementor-swiper-button-next\" role=\"button\" tabindex=\"0\" aria-label=\"Next slide\">\n\t\t\t\t\t\t\t<svg aria-hidden=\"true\" class=\"e-font-icon-svg e-eicon-chevron-right\" viewBox=\"0 0 1000 1000\" xmlns=\"http:\/\/www.w3.org\/2000\/svg\"><path d=\"M696 533C708 521 713 504 713 487 713 471 708 454 696 446L400 146C388 133 375 125 354 125 338 125 325 129 313 142 300 154 292 171 292 187 292 204 296 221 308 233L563 492 304 771C292 783 288 800 288 817 288 833 296 850 308 863 321 871 338 875 354 875 371 875 388 867 400 854L696 533Z\"><\/path><\/svg>\t\t\t\t\t\t<\/div>\n\t\t\t\t\t\t\t\t\t\t\t\t\t\t\t\t<div class=\"swiper-pagination\"><\/div>\n\t\t\t\t\t\t\t\t\t\t\t\t<\/div>\n\t\t\t\t<\/div>\n\t\t\t\t\t\t\t\t<\/div>\n\t\t\t\t<\/div>\n\t\t\t\t<\/div>\n\t\t\t\t<\/div>\n\t\t<div class=\"elementor-element elementor-element-9d10445 e-flex e-con-boxed e-con e-parent\" data-id=\"9d10445\" data-element_type=\"container\" data-settings=\"{&quot;background_background&quot;:&quot;classic&quot;}\">\n\t\t\t\t\t<div class=\"e-con-inner\">\n\t\t<div class=\"elementor-element elementor-element-327e9e8 e-con-full e-flex e-con e-child\" data-id=\"327e9e8\" data-element_type=\"container\">\n\t\t\t\t<div class=\"elementor-element elementor-element-c3ebfe6 elementor-widget elementor-widget-heading\" data-id=\"c3ebfe6\" data-element_type=\"widget\" data-widget_type=\"heading.default\">\n\t\t\t\t<div class=\"elementor-widget-container\">\n\t\t\t\t\t<h3 class=\"elementor-heading-title elementor-size-default\">Our events<\/h3>\t\t\t\t<\/div>\n\t\t\t\t<\/div>\n\t\t\t\t<div class=\"elementor-element elementor-element-7adc711 elementor-widget elementor-widget-heading\" data-id=\"7adc711\" data-element_type=\"widget\" data-widget_type=\"heading.default\">\n\t\t\t\t<div class=\"elementor-widget-container\">\n\t\t\t\t\t<h2 class=\"elementor-heading-title elementor-size-default\">Our dates<\/h2>\t\t\t\t<\/div>\n\t\t\t\t<\/div>\n\t\t\t\t<div class=\"elementor-element elementor-element-266ca87 elementor-widget elementor-widget-text-editor\" data-id=\"266ca87\" data-element_type=\"widget\" data-widget_type=\"text-editor.default\">\n\t\t\t\t<div class=\"elementor-widget-container\">\n\t\t\t\t\t\t\t\t\t<ol class=\"custom-numbered-list\">\n<li>Bavarian fun &#8211; Oktoberfest \/ 05.09.26 \/ Safe the date&#8230;<\/li>\n<li>Bavarian Weeks \/ 06.09. &#8211; 28.09. \/<\/li>\n<li>Mussel season \/ from 01.10.<\/li>\n<li><a href=\"https:\/\/www.opentable.de\/booking\/experiences-availability?rid=16941&#038;restref=16941&#038;experienceId=491902&#038;utm_source=external&#038;utm_medium=referral&#038;utm_campaign=shared\">Traditional St. Martin&#8217;s goose dinner for \u20ac14.14 \/ 11.11.25 &#8211; Book now  <\/a><\/li>\n<li>Goose and duck: roast duck, roast goose, whole goose (carved at the table), roast goose to go \/ from 12.11.<\/li>\n<\/ol>\n\t\t\t\t\t\t\t\t<\/div>\n\t\t\t\t<\/div>\n\t\t\t\t<\/div>\n\t\t<div class=\"elementor-element elementor-element-ecd9e74 e-con-full e-flex e-con e-child\" data-id=\"ecd9e74\" data-element_type=\"container\">\n\t\t\t\t<div class=\"elementor-element elementor-element-c58d907 elementor-skin-carousel elementor-widget elementor-widget-media-carousel\" data-id=\"c58d907\" data-element_type=\"widget\" data-settings=\"{&quot;slides_per_view&quot;:&quot;1&quot;,&quot;slides_to_scroll&quot;:&quot;1&quot;,&quot;slides_per_view_tablet&quot;:&quot;1&quot;,&quot;slides_per_view_mobile&quot;:&quot;1&quot;,&quot;skin&quot;:&quot;carousel&quot;,&quot;effect&quot;:&quot;slide&quot;,&quot;speed&quot;:500,&quot;autoplay&quot;:&quot;yes&quot;,&quot;autoplay_speed&quot;:5000,&quot;loop&quot;:&quot;yes&quot;,&quot;space_between&quot;:{&quot;unit&quot;:&quot;px&quot;,&quot;size&quot;:10,&quot;sizes&quot;:[]},&quot;space_between_tablet&quot;:{&quot;unit&quot;:&quot;px&quot;,&quot;size&quot;:10,&quot;sizes&quot;:[]},&quot;space_between_mobile&quot;:{&quot;unit&quot;:&quot;px&quot;,&quot;size&quot;:10,&quot;sizes&quot;:[]}}\" data-widget_type=\"media-carousel.default\">\n\t\t\t\t<div class=\"elementor-widget-container\">\n\t\t\t\t\t\t\t\t\t<div class=\"elementor-swiper\">\n\t\t\t\t\t<div class=\"elementor-main-swiper swiper\" role=\"region\" aria-roledescription=\"carousel\" aria-label=\"Slides Karusell\">\n\t\t\t\t<div class=\"swiper-wrapper\">\n\t\t\t\t\t\t\t\t\t\t\t<div class=\"swiper-slide\" role=\"group\" aria-roledescription=\"slide\">\n\t\t\t\t\t\t\t\t\t<div class=\"elementor-carousel-image\" role=\"img\" aria-label=\"Elegant gedeckter Gastraum im Restaurant \u201eLuise\u201c mit gepolsterter Sitzbank, gedeckten Tischen und gerahmten Gem\u00e4lden an der Wand. Perfekt f\u00fcr ihren Event ob Hochzeit, Jubil\u00e4um oder Trauerfeier.\" style=\"background-image: url(&#039;https:\/\/www.luise-dahlem.de\/wp-content\/uploads\/2025\/07\/Luise-Dahlem-Restaurant-Raumaufnahmen-c-Steffen-Sinzinger-\u2022-Content-Communication-250303-27.webp&#039;)\">\n\n\t\t\t\n\t\t\t\t\t<\/div>\n\t\t\t\t\t\t\t\t<\/div>\n\t\t\t\t\t\t\t\t\t\t\t<div class=\"swiper-slide\" role=\"group\" aria-roledescription=\"slide\">\n\t\t\t\t\t\t\t\t\t<div class=\"elementor-carousel-image\" role=\"img\" aria-label=\"Festlich gedeckter Gastraum im Restaurant \u201eLuise\u201c\" style=\"background-image: url(&#039;https:\/\/www.luise-dahlem.de\/wp-content\/uploads\/2025\/07\/Luise-Dahlem-Eventraum-Raumaufnahmen-c-Steffen-Sinzinger-\u2022-Content-Communication-250303-21.jpg&#039;)\">\n\n\t\t\t\n\t\t\t\t\t<\/div>\n\t\t\t\t\t\t\t\t<\/div>\n\t\t\t\t\t\t\t\t\t\t\t<div class=\"swiper-slide\" role=\"group\" aria-roledescription=\"slide\">\n\t\t\t\t\t\t\t\t\t<div class=\"elementor-carousel-image\" role=\"img\" aria-label=\"Heller Speiseraum des Restaurants Luise Dahlem mit elegant gedeckten Tischen, wei\u00dfen Tischdecken, frischen Tulpen in Vasen und modernen Holzelementen an den W\u00e4nden.\" style=\"background-image: url(&#039;https:\/\/www.luise-dahlem.de\/wp-content\/uploads\/2025\/07\/Luise-Dahlem-Eventraum-Raumaufnahmen-c-Steffen-Sinzinger-\u2022-Content-Communication-250303-6.webp&#039;)\">\n\n\t\t\t\n\t\t\t\t\t<\/div>\n\t\t\t\t\t\t\t\t<\/div>\n\t\t\t\t\t\t\t\t\t\t\t<div class=\"swiper-slide\" role=\"group\" aria-roledescription=\"slide\">\n\t\t\t\t\t\t\t\t\t<div class=\"elementor-carousel-image\" role=\"img\" aria-label=\"Liebevoll gedeckter Gastraum im Restaurant \u201eLuise\u201c mit gepolsterter Sitzbank entlang der sch\u00f6nen hellen Fensterfront\" style=\"background-image: url(&#039;https:\/\/www.luise-dahlem.de\/wp-content\/uploads\/2025\/07\/Luise-Dahlem-Restaurant-Raumaufnahmen-c-Steffen-Sinzinger-\u2022-Content-Communication-250303-6.webp&#039;)\">\n\n\t\t\t\n\t\t\t\t\t<\/div>\n\t\t\t\t\t\t\t\t<\/div>\n\t\t\t\t\t\t\t\t\t<\/div>\n\t\t\t\t\t\t\t\t\t\t\t\t\t\t\t\t\t\t\t\t\t<\/div>\n\t\t\t\t<\/div>\n\t\t\t\t\t\t\t\t<\/div>\n\t\t\t\t<\/div>\n\t\t\t\t<\/div>\n\t\t\t\t\t<\/div>\n\t\t\t\t<\/div>\n\t\t<div class=\"elementor-element elementor-element-6c67b3b e-flex e-con-boxed e-con e-parent\" data-id=\"6c67b3b\" data-element_type=\"container\" data-settings=\"{&quot;background_background&quot;:&quot;classic&quot;}\">\n\t\t\t\t\t<div class=\"e-con-inner\">\n\t\t<div class=\"elementor-element elementor-element-65d20a6 e-con-full e-flex e-con e-child\" data-id=\"65d20a6\" data-element_type=\"container\">\n\t\t\t\t<div class=\"elementor-element elementor-element-c33697c elementor-widget elementor-widget-image\" data-id=\"c33697c\" data-element_type=\"widget\" data-widget_type=\"image.default\">\n\t\t\t\t<div class=\"elementor-widget-container\">\n\t\t\t\t\t\t\t\t\t\t\t\t\t\t\t\t<a href=\"https:\/\/www.luise-dahlem.de\/wp-content\/uploads\/2025\/08\/Grundriss_Logo.jpg\" data-elementor-open-lightbox=\"yes\" data-elementor-lightbox-title=\"Grundriss_Logo\" data-e-action-hash=\"#elementor-action%3Aaction%3Dlightbox%26settings%3DeyJpZCI6Mjk4NiwidXJsIjoiaHR0cHM6XC9cL3d3dy5sdWlzZS1kYWhsZW0uZGVcL3dwLWNvbnRlbnRcL3VwbG9hZHNcLzIwMjVcLzA4XC9HcnVuZHJpc3NfTG9nby5qcGcifQ%3D%3D\">\n\t\t\t\t\t\t\t<img fetchpriority=\"high\" decoding=\"async\" width=\"800\" height=\"455\" src=\"https:\/\/www.luise-dahlem.de\/wp-content\/uploads\/2025\/08\/Grundriss_Logo-1024x582.jpg\" class=\"attachment-large size-large wp-image-2986\" alt=\"Grundriss Restaurant Luise Dahlem\" srcset=\"https:\/\/www.luise-dahlem.de\/wp-content\/uploads\/2025\/08\/Grundriss_Logo-1024x582.jpg 1024w, https:\/\/www.luise-dahlem.de\/wp-content\/uploads\/2025\/08\/Grundriss_Logo-300x171.jpg 300w, https:\/\/www.luise-dahlem.de\/wp-content\/uploads\/2025\/08\/Grundriss_Logo-768x437.jpg 768w, https:\/\/www.luise-dahlem.de\/wp-content\/uploads\/2025\/08\/Grundriss_Logo.jpg 1127w\" sizes=\"(max-width: 800px) 100vw, 800px\" \/>\t\t\t\t\t\t\t\t<\/a>\n\t\t\t\t\t\t\t\t\t\t\t\t\t\t\t<\/div>\n\t\t\t\t<\/div>\n\t\t\t\t<div class=\"elementor-element elementor-element-3283d0e elementor-widget elementor-widget-heading\" data-id=\"3283d0e\" data-element_type=\"widget\" data-widget_type=\"heading.default\">\n\t\t\t\t<div class=\"elementor-widget-container\">\n\t\t\t\t\t<h3 class=\"elementor-heading-title elementor-size-default\">Our events<\/h3>\t\t\t\t<\/div>\n\t\t\t\t<\/div>\n\t\t\t\t<div class=\"elementor-element elementor-element-1abdef0 elementor-widget elementor-widget-heading\" data-id=\"1abdef0\" data-element_type=\"widget\" data-widget_type=\"heading.default\">\n\t\t\t\t<div class=\"elementor-widget-container\">\n\t\t\t\t\t<h2 class=\"elementor-heading-title elementor-size-default\">Printed matter<\/h2>\t\t\t\t<\/div>\n\t\t\t\t<\/div>\n\t\t\t\t<div class=\"elementor-element elementor-element-8c9bcd2 elementor-widget elementor-widget-text-editor\" data-id=\"8c9bcd2\" data-element_type=\"widget\" data-widget_type=\"text-editor.default\">\n\t\t\t\t<div class=\"elementor-widget-container\">\n\t\t\t\t\t\t\t\t\t<ol class=\"custom-numbered-list\">\n<li><a href=\"https:\/\/www.luise-dahlem.de\/wp-content\/uploads\/2025\/08\/20250602_LUI-11_Flyer_Trauerfeier_A5.pdf\">Bereavement&#8221; flyer (PDF)<\/a><\/li>\n<li><a href=\"https:\/\/www.luise-dahlem.de\/wp-content\/uploads\/2025\/10\/2025_Gaenseflyer_final-2.pdf\">Flyer &#8220;Celebrate and feast&#8221; (PDF)<\/a><\/li>\n<\/ol>\n\t\t\t\t\t\t\t\t<\/div>\n\t\t\t\t<\/div>\n\t\t\t\t<\/div>\n\t\t<div class=\"elementor-element elementor-element-fbcfff2 e-con-full e-flex e-con e-child\" data-id=\"fbcfff2\" data-element_type=\"container\">\n\t\t\t\t<div class=\"elementor-element elementor-element-5c1cf9e elementor-widget elementor-widget-heading\" data-id=\"5c1cf9e\" data-element_type=\"widget\" data-widget_type=\"heading.default\">\n\t\t\t\t<div class=\"elementor-widget-container\">\n\t\t\t\t\t<h3 class=\"elementor-heading-title elementor-size-default\">Your event<\/h3>\t\t\t\t<\/div>\n\t\t\t\t<\/div>\n\t\t\t\t<div class=\"elementor-element elementor-element-b5ac268 elementor-widget elementor-widget-heading\" data-id=\"b5ac268\" data-element_type=\"widget\" data-widget_type=\"heading.default\">\n\t\t\t\t<div class=\"elementor-widget-container\">\n\t\t\t\t\t<h2 class=\"elementor-heading-title elementor-size-default\">Our premises<\/h2>\t\t\t\t<\/div>\n\t\t\t\t<\/div>\n\t\t\t\t<div class=\"elementor-element elementor-element-45a31ad elementor-widget elementor-widget-text-editor\" data-id=\"45a31ad\" data-element_type=\"widget\" data-widget_type=\"text-editor.default\">\n\t\t\t\t<div class=\"elementor-widget-container\">\n\t\t\t\t\t\t\t\t\t<p>Are you planning your birthday, your wedding, a confirmation, an anniversary, a funeral dinner, a company or Christmas party? Almost anything is possible with us. <\/p>\n<p>With our many years of experience, we ensure that your event will be remembered fondly. Because individuality is our strength. <\/p>\n<p>Our room capacities offer flexible possibilities: &#8220;Kleine Luise&#8221; and &#8220;Alte Luise&#8221; each for up to 50 people, the restaurant and the hall for 100 guests each, the veranda for 60 people and our spacious beer garden even for up to 800 guests. Or rent the entire area exclusively &#8211; for an unforgettable experience in a unique ambience.<\/p>\n<ol class=\"custom-numbered-list\">\n<li><strong>Kleine Luise:<\/strong> 50 people<\/li>\n<li><strong>Alte Luise:<\/strong> 50 people<\/li>\n<li><strong>Restaurant:<\/strong> 100 people<\/li>\n<li><strong>Veranda:<\/strong> 60 people<\/li>\n<li><strong>Hall:<\/strong> 100 people<\/li>\n<li><strong>Beer garden:<\/strong> 800 people<\/li>\n<li>&#8230; or all together <strong>exclusively<\/strong><\/li>\n<\/ol>\n\t\t\t\t\t\t\t\t<\/div>\n\t\t\t\t<\/div>\n\t\t\t\t<div class=\"elementor-element elementor-element-23bbe56 elementor-tablet-align-left elementor-widget elementor-widget-button\" data-id=\"23bbe56\" data-element_type=\"widget\" data-widget_type=\"button.default\">\n\t\t\t\t<div class=\"elementor-widget-container\">\n\t\t\t\t\t\t\t\t\t<div class=\"elementor-button-wrapper\">\n\t\t\t\t\t<a class=\"elementor-button elementor-button-link elementor-size-sm\" href=\"#elementor-action%3Aaction%3Dpopup%3Aopen%26settings%3DeyJpZCI6MTg4OSwidG9nZ2xlIjpmYWxzZX0%3D\">\n\t\t\t\t\t\t<span class=\"elementor-button-content-wrapper\">\n\t\t\t\t\t\t\t\t\t<span class=\"elementor-button-text\">Request a proposal<\/span>\n\t\t\t\t\t<\/span>\n\t\t\t\t\t<\/a>\n\t\t\t\t<\/div>\n\t\t\t\t\t\t\t\t<\/div>\n\t\t\t\t<\/div>\n\t\t\t\t<\/div>\n\t\t\t\t\t<\/div>\n\t\t\t\t<\/div>\n\t\t<div class=\"elementor-element elementor-element-d84ffac e-flex e-con-boxed e-con e-parent\" data-id=\"d84ffac\" data-element_type=\"container\">\n\t\t\t\t\t<div class=\"e-con-inner\">\n\t\t\t\t<div class=\"elementor-element elementor-element-b09d290 elementor-widget elementor-widget-gallery\" data-id=\"b09d290\" data-element_type=\"widget\" data-settings=\"{&quot;gallery_layout&quot;:&quot;justified&quot;,&quot;gap&quot;:{&quot;unit&quot;:&quot;px&quot;,&quot;size&quot;:16,&quot;sizes&quot;:[]},&quot;lazyload&quot;:&quot;yes&quot;,&quot;ideal_row_height&quot;:{&quot;unit&quot;:&quot;px&quot;,&quot;size&quot;:200,&quot;sizes&quot;:[]},&quot;ideal_row_height_tablet&quot;:{&quot;unit&quot;:&quot;px&quot;,&quot;size&quot;:150,&quot;sizes&quot;:[]},&quot;ideal_row_height_mobile&quot;:{&quot;unit&quot;:&quot;px&quot;,&quot;size&quot;:150,&quot;sizes&quot;:[]},&quot;gap_tablet&quot;:{&quot;unit&quot;:&quot;px&quot;,&quot;size&quot;:10,&quot;sizes&quot;:[]},&quot;gap_mobile&quot;:{&quot;unit&quot;:&quot;px&quot;,&quot;size&quot;:10,&quot;sizes&quot;:[]},&quot;link_to&quot;:&quot;file&quot;,&quot;overlay_background&quot;:&quot;yes&quot;,&quot;content_hover_animation&quot;:&quot;fade-in&quot;}\" data-widget_type=\"gallery.default\">\n\t\t\t\t<div class=\"elementor-widget-container\">\n\t\t\t\t\t\t\t<div class=\"elementor-gallery__container\">\n\t\t\t\t\t\t\t<a class=\"e-gallery-item elementor-gallery-item elementor-animated-content\" href=\"https:\/\/www.luise-dahlem.de\/wp-content\/uploads\/2025\/06\/Luise_Dahlem_Raufaufnahmen_Raum-c-Steffen-Sinzinger-\u2022-Content-Communication-240816-11-Kopie-Kopie.webp\" data-elementor-open-lightbox=\"yes\" data-elementor-lightbox-slideshow=\"b09d290\" data-elementor-lightbox-title=\"Luise_Dahlem_Raufaufnahmen_Raum - (c) Steffen Sinzinger \u2022 Content &amp; Communication - 240816 -11 - Kopie - Kopie\" data-e-action-hash=\"#elementor-action%3Aaction%3Dlightbox%26settings%3DeyJpZCI6MTczMCwidXJsIjoiaHR0cHM6XC9cL3d3dy5sdWlzZS1kYWhsZW0uZGVcL3dwLWNvbnRlbnRcL3VwbG9hZHNcLzIwMjVcLzA2XC9MdWlzZV9EYWhsZW1fUmF1ZmF1Zm5haG1lbl9SYXVtLWMtU3RlZmZlbi1TaW56aW5nZXItXHUyMDIyLUNvbnRlbnQtQ29tbXVuaWNhdGlvbi0yNDA4MTYtMTEtS29waWUtS29waWUud2VicCIsInNsaWRlc2hvdyI6ImIwOWQyOTAifQ%3D%3D\">\n\t\t\t\t\t<div class=\"e-gallery-image elementor-gallery-item__image\" data-thumbnail=\"https:\/\/www.luise-dahlem.de\/wp-content\/uploads\/2025\/06\/Luise_Dahlem_Raufaufnahmen_Raum-c-Steffen-Sinzinger-\u2022-Content-Communication-240816-11-Kopie-Kopie-768x512.jpg\" data-width=\"768\" data-height=\"512\" aria-label=\"Festlich gedeckter Innenraum des Restaurants \u201eLuise\u201c mit wei\u00dfen Tischdecken, Blumen und historischen Gem\u00e4lden an den W\u00e4nden.\" role=\"img\" ><\/div>\n\t\t\t\t\t\t\t\t\t\t\t<div class=\"elementor-gallery-item__overlay\"><\/div>\n\t\t\t\t\t\t\t\t\t\t\t\t\t\t<\/a>\n\t\t\t\t\t\t\t<a class=\"e-gallery-item elementor-gallery-item elementor-animated-content\" href=\"https:\/\/www.luise-dahlem.de\/wp-content\/uploads\/2025\/06\/hero3.webp\" data-elementor-open-lightbox=\"yes\" data-elementor-lightbox-slideshow=\"b09d290\" data-elementor-lightbox-title=\"hero3\" data-e-action-hash=\"#elementor-action%3Aaction%3Dlightbox%26settings%3DeyJpZCI6MTczOSwidXJsIjoiaHR0cHM6XC9cL3d3dy5sdWlzZS1kYWhsZW0uZGVcL3dwLWNvbnRlbnRcL3VwbG9hZHNcLzIwMjVcLzA2XC9oZXJvMy53ZWJwIiwic2xpZGVzaG93IjoiYjA5ZDI5MCJ9\">\n\t\t\t\t\t<div class=\"e-gallery-image elementor-gallery-item__image\" data-thumbnail=\"https:\/\/www.luise-dahlem.de\/wp-content\/uploads\/2025\/06\/hero3-768x267.jpg\" data-width=\"768\" data-height=\"267\" aria-label=\"\" role=\"img\" ><\/div>\n\t\t\t\t\t\t\t\t\t\t\t<div class=\"elementor-gallery-item__overlay\"><\/div>\n\t\t\t\t\t\t\t\t\t\t\t\t\t\t<\/a>\n\t\t\t\t\t\t\t<a class=\"e-gallery-item elementor-gallery-item elementor-animated-content\" href=\"https:\/\/www.luise-dahlem.de\/wp-content\/uploads\/2025\/07\/Luise-Dahlem-Restaurant-Raumaufnahmen-c-Steffen-Sinzinger-\u2022-Content-Communication-250303-6.webp\" data-elementor-open-lightbox=\"yes\" data-elementor-lightbox-slideshow=\"b09d290\" data-elementor-lightbox-title=\"Luise Dahlem - Restaurant - Raumaufnahmen - (c) Steffen Sinzinger \u2022 Content &amp; Communication - 250303 -6\" data-e-action-hash=\"#elementor-action%3Aaction%3Dlightbox%26settings%3DeyJpZCI6MTc0OSwidXJsIjoiaHR0cHM6XC9cL3d3dy5sdWlzZS1kYWhsZW0uZGVcL3dwLWNvbnRlbnRcL3VwbG9hZHNcLzIwMjVcLzA3XC9MdWlzZS1EYWhsZW0tUmVzdGF1cmFudC1SYXVtYXVmbmFobWVuLWMtU3RlZmZlbi1TaW56aW5nZXItXHUyMDIyLUNvbnRlbnQtQ29tbXVuaWNhdGlvbi0yNTAzMDMtNi53ZWJwIiwic2xpZGVzaG93IjoiYjA5ZDI5MCJ9\">\n\t\t\t\t\t<div class=\"e-gallery-image elementor-gallery-item__image\" data-thumbnail=\"https:\/\/www.luise-dahlem.de\/wp-content\/uploads\/2025\/07\/Luise-Dahlem-Restaurant-Raumaufnahmen-c-Steffen-Sinzinger-\u2022-Content-Communication-250303-6-768x512.jpg\" data-width=\"768\" data-height=\"512\" aria-label=\"Liebevoll gedeckter Gastraum im Restaurant \u201eLuise\u201c mit gepolsterter Sitzbank entlang der sch\u00f6nen hellen Fensterfront\" role=\"img\" ><\/div>\n\t\t\t\t\t\t\t\t\t\t\t<div class=\"elementor-gallery-item__overlay\"><\/div>\n\t\t\t\t\t\t\t\t\t\t\t\t\t\t<\/a>\n\t\t\t\t\t\t\t<a class=\"e-gallery-item elementor-gallery-item elementor-animated-content\" href=\"https:\/\/www.luise-dahlem.de\/wp-content\/uploads\/2025\/07\/Luise-Dahlem-Eventraum-Raumaufnahmen-c-Steffen-Sinzinger-\u2022-Content-Communication-250303-21.jpg\" data-elementor-open-lightbox=\"yes\" data-elementor-lightbox-slideshow=\"b09d290\" data-elementor-lightbox-title=\"Luise Dahlem - Eventraum - Raumaufnahmen - (c) Steffen Sinzinger \u2022 Content &amp; Communication - 250303 -21\" data-e-action-hash=\"#elementor-action%3Aaction%3Dlightbox%26settings%3DeyJpZCI6MTc0OCwidXJsIjoiaHR0cHM6XC9cL3d3dy5sdWlzZS1kYWhsZW0uZGVcL3dwLWNvbnRlbnRcL3VwbG9hZHNcLzIwMjVcLzA3XC9MdWlzZS1EYWhsZW0tRXZlbnRyYXVtLVJhdW1hdWZuYWhtZW4tYy1TdGVmZmVuLVNpbnppbmdlci1cdTIwMjItQ29udGVudC1Db21tdW5pY2F0aW9uLTI1MDMwMy0yMS5qcGciLCJzbGlkZXNob3ciOiJiMDlkMjkwIn0%3D\">\n\t\t\t\t\t<div class=\"e-gallery-image elementor-gallery-item__image\" data-thumbnail=\"https:\/\/www.luise-dahlem.de\/wp-content\/uploads\/2025\/07\/Luise-Dahlem-Eventraum-Raumaufnahmen-c-Steffen-Sinzinger-\u2022-Content-Communication-250303-21-768x512.jpg\" data-width=\"768\" data-height=\"512\" aria-label=\"Festlich gedeckter Gastraum im Restaurant \u201eLuise\u201c\" role=\"img\" ><\/div>\n\t\t\t\t\t\t\t\t\t\t\t<div class=\"elementor-gallery-item__overlay\"><\/div>\n\t\t\t\t\t\t\t\t\t\t\t\t\t\t<\/a>\n\t\t\t\t\t\t\t<a class=\"e-gallery-item elementor-gallery-item elementor-animated-content\" href=\"https:\/\/www.luise-dahlem.de\/wp-content\/uploads\/2025\/06\/Luise-Dahlem-Kleine-Luise-2-Raumaufnahmen-c-Steffen-Sinzinger-\u2022-Content-Communication-250303-4.webp\" data-elementor-open-lightbox=\"yes\" data-elementor-lightbox-slideshow=\"b09d290\" data-elementor-lightbox-title=\"Luise Dahlem - Kleine Luise 2 - Raumaufnahmen - (c) Steffen Sinzinger \u2022 Content &amp; Communication - 250303 -4\" data-e-action-hash=\"#elementor-action%3Aaction%3Dlightbox%26settings%3DeyJpZCI6MTcyNCwidXJsIjoiaHR0cHM6XC9cL3d3dy5sdWlzZS1kYWhsZW0uZGVcL3dwLWNvbnRlbnRcL3VwbG9hZHNcLzIwMjVcLzA2XC9MdWlzZS1EYWhsZW0tS2xlaW5lLUx1aXNlLTItUmF1bWF1Zm5haG1lbi1jLVN0ZWZmZW4tU2luemluZ2VyLVx1MjAyMi1Db250ZW50LUNvbW11bmljYXRpb24tMjUwMzAzLTQud2VicCIsInNsaWRlc2hvdyI6ImIwOWQyOTAifQ%3D%3D\">\n\t\t\t\t\t<div class=\"e-gallery-image elementor-gallery-item__image\" data-thumbnail=\"https:\/\/www.luise-dahlem.de\/wp-content\/uploads\/2025\/06\/Luise-Dahlem-Kleine-Luise-2-Raumaufnahmen-c-Steffen-Sinzinger-\u2022-Content-Communication-250303-4-768x512.jpg\" data-width=\"768\" data-height=\"512\" aria-label=\"Heller, festlich gedeckter Gastraum mit gro\u00dfen Fenstern, Blumenschmuck und Gem\u00e4lden an den W\u00e4nden im Restaurant \u201eLuise\u201c.\" role=\"img\" ><\/div>\n\t\t\t\t\t\t\t\t\t\t\t<div class=\"elementor-gallery-item__overlay\"><\/div>\n\t\t\t\t\t\t\t\t\t\t\t\t\t\t<\/a>\n\t\t\t\t\t\t\t<a class=\"e-gallery-item elementor-gallery-item elementor-animated-content\" href=\"https:\/\/www.luise-dahlem.de\/wp-content\/uploads\/2025\/07\/Luise-Dahlem-Eventraum-Raumaufnahmen-c-Steffen-Sinzinger-\u2022-Content-Communication-250303-6.webp\" data-elementor-open-lightbox=\"yes\" data-elementor-lightbox-slideshow=\"b09d290\" data-elementor-lightbox-title=\"Luise Dahlem - Eventraum - Raumaufnahmen - (c) Steffen Sinzinger \u2022 Content &amp; Communication - 250303 -6\" data-e-action-hash=\"#elementor-action%3Aaction%3Dlightbox%26settings%3DeyJpZCI6MTc0NywidXJsIjoiaHR0cHM6XC9cL3d3dy5sdWlzZS1kYWhsZW0uZGVcL3dwLWNvbnRlbnRcL3VwbG9hZHNcLzIwMjVcLzA3XC9MdWlzZS1EYWhsZW0tRXZlbnRyYXVtLVJhdW1hdWZuYWhtZW4tYy1TdGVmZmVuLVNpbnppbmdlci1cdTIwMjItQ29udGVudC1Db21tdW5pY2F0aW9uLTI1MDMwMy02LndlYnAiLCJzbGlkZXNob3ciOiJiMDlkMjkwIn0%3D\">\n\t\t\t\t\t<div class=\"e-gallery-image elementor-gallery-item__image\" data-thumbnail=\"https:\/\/www.luise-dahlem.de\/wp-content\/uploads\/2025\/07\/Luise-Dahlem-Eventraum-Raumaufnahmen-c-Steffen-Sinzinger-\u2022-Content-Communication-250303-6-768x512.jpg\" data-width=\"768\" data-height=\"512\" aria-label=\"Heller Speiseraum des Restaurants Luise Dahlem mit elegant gedeckten Tischen, wei\u00dfen Tischdecken, frischen Tulpen in Vasen und modernen Holzelementen an den W\u00e4nden.\" role=\"img\" ><\/div>\n\t\t\t\t\t\t\t\t\t\t\t<div class=\"elementor-gallery-item__overlay\"><\/div>\n\t\t\t\t\t\t\t\t\t\t\t\t\t\t<\/a>\n\t\t\t\t\t\t\t<a class=\"e-gallery-item elementor-gallery-item elementor-animated-content\" href=\"https:\/\/www.luise-dahlem.de\/wp-content\/uploads\/2025\/06\/Luise_Dahlem_Raufaufnahmen_Raum-c-Steffen-Sinzinger-\u2022-Content-Communication-240816-7-Kopie.webp\" data-elementor-open-lightbox=\"yes\" data-elementor-lightbox-slideshow=\"b09d290\" data-elementor-lightbox-title=\"Luise_Dahlem_Raufaufnahmen_Raum - (c) Steffen Sinzinger \u2022 Content &amp; Communication - 240816 -7 - Kopie\" data-e-action-hash=\"#elementor-action%3Aaction%3Dlightbox%26settings%3DeyJpZCI6MTcyOSwidXJsIjoiaHR0cHM6XC9cL3d3dy5sdWlzZS1kYWhsZW0uZGVcL3dwLWNvbnRlbnRcL3VwbG9hZHNcLzIwMjVcLzA2XC9MdWlzZV9EYWhsZW1fUmF1ZmF1Zm5haG1lbl9SYXVtLWMtU3RlZmZlbi1TaW56aW5nZXItXHUyMDIyLUNvbnRlbnQtQ29tbXVuaWNhdGlvbi0yNDA4MTYtNy1Lb3BpZS53ZWJwIiwic2xpZGVzaG93IjoiYjA5ZDI5MCJ9\">\n\t\t\t\t\t<div class=\"e-gallery-image elementor-gallery-item__image\" data-thumbnail=\"https:\/\/www.luise-dahlem.de\/wp-content\/uploads\/2025\/06\/Luise_Dahlem_Raufaufnahmen_Raum-c-Steffen-Sinzinger-\u2022-Content-Communication-240816-7-Kopie-768x512.jpg\" data-width=\"768\" data-height=\"512\" aria-label=\"Festlich gedeckter Innenraum des Restaurants \u201eLuise\u201c mit wei\u00dfen Tischdecken, Blumen und historischen Gem\u00e4lden an den W\u00e4nden.\" role=\"img\" ><\/div>\n\t\t\t\t\t\t\t\t\t\t\t<div class=\"elementor-gallery-item__overlay\"><\/div>\n\t\t\t\t\t\t\t\t\t\t\t\t\t\t<\/a>\n\t\t\t\t\t<\/div>\n\t\t\t\t\t<\/div>\n\t\t\t\t<\/div>\n\t\t\t\t\t<\/div>\n\t\t\t\t<\/div>\n\t\t\t\t<\/div>\n\t\t","protected":false},"excerpt":{"rendered":"<p>Family celebrations or company events Whether it&#8217;s a birthday, wedding or corporate event,die LUISE has the right roomswith special charm and individual service for every occasion. OFFER REQUESTSlider heading Lorem ipsum dolor sit amet, consectetur adipiscing elit. Ut elit tellus, luctus nec ullamcorper mattis, pulvinar dapibus leo. Click here Request a proposal<\/p>\n","protected":false},"author":1,"featured_media":0,"parent":0,"menu_order":0,"comment_status":"closed","ping_status":"closed","template":"","meta":{"_acf_changed":false,"footnotes":""},"class_list":["post-1766","page","type-page","status-publish","hentry"],"acf":[],"yoast_head":"<!-- This site is optimized with the Yoast SEO plugin v26.0 - https:\/\/yoast.com\/wordpress\/plugins\/seo\/ -->\n<title>events - Luise Dahlem Berlin<\/title>\n<meta name=\"description\" content=\"Celebrate at the Luise Dahlem! Whether birthday, wedding or corporate event - stylish rooms &amp; service in Berlin-Dahlem. Request an event now\" \/>\n<meta name=\"robots\" content=\"index, follow, max-snippet:-1, max-image-preview:large, max-video-preview:-1\" \/>\n<link rel=\"canonical\" href=\"https:\/\/www.luise-dahlem.de\/en\/events\/\" \/>\n<meta property=\"og:locale\" content=\"en_US\" \/>\n<meta property=\"og:type\" content=\"article\" \/>\n<meta property=\"og:title\" content=\"events - Luise Dahlem Berlin\" \/>\n<meta property=\"og:description\" content=\"Celebrate at the Luise Dahlem! Whether birthday, wedding or corporate event - stylish rooms &amp; service in Berlin-Dahlem. Request an event now\" \/>\n<meta property=\"og:url\" content=\"https:\/\/www.luise-dahlem.de\/en\/events\/\" \/>\n<meta property=\"og:site_name\" content=\"Luise Dahlem Berlin\" \/>\n<meta property=\"article:modified_time\" content=\"2025-10-10T15:14:16+00:00\" \/>\n<meta property=\"og:image\" content=\"https:\/\/www.luise-dahlem.de\/wp-content\/uploads\/2025\/08\/Grundriss_Logo.jpg\" \/>\n\t<meta property=\"og:image:width\" content=\"1127\" \/>\n\t<meta property=\"og:image:height\" content=\"641\" \/>\n\t<meta property=\"og:image:type\" content=\"image\/jpeg\" \/>\n<meta name=\"twitter:card\" content=\"summary_large_image\" \/>\n<script type=\"application\/ld+json\" class=\"yoast-schema-graph\">{\"@context\":\"https:\/\/schema.org\",\"@graph\":[{\"@type\":\"WebPage\",\"@id\":\"https:\/\/www.luise-dahlem.de\/en\/events\/\",\"url\":\"https:\/\/www.luise-dahlem.de\/en\/events\/\",\"name\":\"events - Luise Dahlem Berlin\",\"isPartOf\":{\"@id\":\"https:\/\/www.luise-dahlem.de\/#website\"},\"primaryImageOfPage\":{\"@id\":\"https:\/\/www.luise-dahlem.de\/en\/events\/#primaryimage\"},\"image\":{\"@id\":\"https:\/\/www.luise-dahlem.de\/en\/events\/#primaryimage\"},\"thumbnailUrl\":\"https:\/\/www.luise-dahlem.de\/wp-content\/uploads\/2025\/08\/Grundriss_Logo-1024x582.jpg\",\"datePublished\":\"2025-07-11T10:44:32+00:00\",\"dateModified\":\"2025-10-10T15:14:16+00:00\",\"description\":\"Celebrate at the Luise Dahlem! Whether birthday, wedding or corporate event - stylish rooms & service in Berlin-Dahlem. Request an event now\",\"breadcrumb\":{\"@id\":\"https:\/\/www.luise-dahlem.de\/en\/events\/#breadcrumb\"},\"inLanguage\":\"en-US\",\"potentialAction\":[{\"@type\":\"ReadAction\",\"target\":[\"https:\/\/www.luise-dahlem.de\/en\/events\/\"]}]},{\"@type\":\"ImageObject\",\"inLanguage\":\"en-US\",\"@id\":\"https:\/\/www.luise-dahlem.de\/en\/events\/#primaryimage\",\"url\":\"https:\/\/www.luise-dahlem.de\/wp-content\/uploads\/2025\/08\/Grundriss_Logo-1024x582.jpg\",\"contentUrl\":\"https:\/\/www.luise-dahlem.de\/wp-content\/uploads\/2025\/08\/Grundriss_Logo-1024x582.jpg\"},{\"@type\":\"BreadcrumbList\",\"@id\":\"https:\/\/www.luise-dahlem.de\/en\/events\/#breadcrumb\",\"itemListElement\":[{\"@type\":\"ListItem\",\"position\":1,\"name\":\"Startseite\",\"item\":\"https:\/\/www.luise-dahlem.de\/en\/luise-berlin-dahlem-2\/\"},{\"@type\":\"ListItem\",\"position\":2,\"name\":\"events\"}]},{\"@type\":\"WebSite\",\"@id\":\"https:\/\/www.luise-dahlem.de\/#website\",\"url\":\"https:\/\/www.luise-dahlem.de\/\",\"name\":\"Luise Dahlem Berlin\",\"description\":\"Restaurant \u2013 Biergarten \u2013 Bar\",\"publisher\":{\"@id\":\"https:\/\/www.luise-dahlem.de\/#organization\"},\"potentialAction\":[{\"@type\":\"SearchAction\",\"target\":{\"@type\":\"EntryPoint\",\"urlTemplate\":\"https:\/\/www.luise-dahlem.de\/?s={search_term_string}\"},\"query-input\":{\"@type\":\"PropertyValueSpecification\",\"valueRequired\":true,\"valueName\":\"search_term_string\"}}],\"inLanguage\":\"en-US\"},{\"@type\":\"Organization\",\"@id\":\"https:\/\/www.luise-dahlem.de\/#organization\",\"name\":\"Luise Dahlem Berlin\",\"url\":\"https:\/\/www.luise-dahlem.de\/\",\"logo\":{\"@type\":\"ImageObject\",\"inLanguage\":\"en-US\",\"@id\":\"https:\/\/www.luise-dahlem.de\/#\/schema\/logo\/image\/\",\"url\":\"https:\/\/www.luise-dahlem.de\/wp-content\/uploads\/2025\/06\/logo-inside-mit-schrift.svg\",\"contentUrl\":\"https:\/\/www.luise-dahlem.de\/wp-content\/uploads\/2025\/06\/logo-inside-mit-schrift.svg\",\"width\":193,\"height\":182,\"caption\":\"Luise Dahlem Berlin\"},\"image\":{\"@id\":\"https:\/\/www.luise-dahlem.de\/#\/schema\/logo\/image\/\"}}]}<\/script>\n<!-- \/ Yoast SEO plugin. -->","yoast_head_json":{"title":"events - Luise Dahlem Berlin","description":"Celebrate at the Luise Dahlem! Whether birthday, wedding or corporate event - stylish rooms & service in Berlin-Dahlem. Request an event now","robots":{"index":"index","follow":"follow","max-snippet":"max-snippet:-1","max-image-preview":"max-image-preview:large","max-video-preview":"max-video-preview:-1"},"canonical":"https:\/\/www.luise-dahlem.de\/en\/events\/","og_locale":"en_US","og_type":"article","og_title":"events - Luise Dahlem Berlin","og_description":"Celebrate at the Luise Dahlem! Whether birthday, wedding or corporate event - stylish rooms & service in Berlin-Dahlem. Request an event now","og_url":"https:\/\/www.luise-dahlem.de\/en\/events\/","og_site_name":"Luise Dahlem Berlin","article_modified_time":"2025-10-10T15:14:16+00:00","og_image":[{"width":1127,"height":641,"url":"https:\/\/www.luise-dahlem.de\/wp-content\/uploads\/2025\/08\/Grundriss_Logo.jpg","type":"image\/jpeg"}],"twitter_card":"summary_large_image","schema":{"@context":"https:\/\/schema.org","@graph":[{"@type":"WebPage","@id":"https:\/\/www.luise-dahlem.de\/en\/events\/","url":"https:\/\/www.luise-dahlem.de\/en\/events\/","name":"events - Luise Dahlem Berlin","isPartOf":{"@id":"https:\/\/www.luise-dahlem.de\/#website"},"primaryImageOfPage":{"@id":"https:\/\/www.luise-dahlem.de\/en\/events\/#primaryimage"},"image":{"@id":"https:\/\/www.luise-dahlem.de\/en\/events\/#primaryimage"},"thumbnailUrl":"https:\/\/www.luise-dahlem.de\/wp-content\/uploads\/2025\/08\/Grundriss_Logo-1024x582.jpg","datePublished":"2025-07-11T10:44:32+00:00","dateModified":"2025-10-10T15:14:16+00:00","description":"Celebrate at the Luise Dahlem! Whether birthday, wedding or corporate event - stylish rooms & service in Berlin-Dahlem. Request an event now","breadcrumb":{"@id":"https:\/\/www.luise-dahlem.de\/en\/events\/#breadcrumb"},"inLanguage":"en-US","potentialAction":[{"@type":"ReadAction","target":["https:\/\/www.luise-dahlem.de\/en\/events\/"]}]},{"@type":"ImageObject","inLanguage":"en-US","@id":"https:\/\/www.luise-dahlem.de\/en\/events\/#primaryimage","url":"https:\/\/www.luise-dahlem.de\/wp-content\/uploads\/2025\/08\/Grundriss_Logo-1024x582.jpg","contentUrl":"https:\/\/www.luise-dahlem.de\/wp-content\/uploads\/2025\/08\/Grundriss_Logo-1024x582.jpg"},{"@type":"BreadcrumbList","@id":"https:\/\/www.luise-dahlem.de\/en\/events\/#breadcrumb","itemListElement":[{"@type":"ListItem","position":1,"name":"Startseite","item":"https:\/\/www.luise-dahlem.de\/en\/luise-berlin-dahlem-2\/"},{"@type":"ListItem","position":2,"name":"events"}]},{"@type":"WebSite","@id":"https:\/\/www.luise-dahlem.de\/#website","url":"https:\/\/www.luise-dahlem.de\/","name":"Luise Dahlem Berlin","description":"Restaurant \u2013 Biergarten \u2013 Bar","publisher":{"@id":"https:\/\/www.luise-dahlem.de\/#organization"},"potentialAction":[{"@type":"SearchAction","target":{"@type":"EntryPoint","urlTemplate":"https:\/\/www.luise-dahlem.de\/?s={search_term_string}"},"query-input":{"@type":"PropertyValueSpecification","valueRequired":true,"valueName":"search_term_string"}}],"inLanguage":"en-US"},{"@type":"Organization","@id":"https:\/\/www.luise-dahlem.de\/#organization","name":"Luise Dahlem Berlin","url":"https:\/\/www.luise-dahlem.de\/","logo":{"@type":"ImageObject","inLanguage":"en-US","@id":"https:\/\/www.luise-dahlem.de\/#\/schema\/logo\/image\/","url":"https:\/\/www.luise-dahlem.de\/wp-content\/uploads\/2025\/06\/logo-inside-mit-schrift.svg","contentUrl":"https:\/\/www.luise-dahlem.de\/wp-content\/uploads\/2025\/06\/logo-inside-mit-schrift.svg","width":193,"height":182,"caption":"Luise Dahlem Berlin"},"image":{"@id":"https:\/\/www.luise-dahlem.de\/#\/schema\/logo\/image\/"}}]}},"_links":{"self":[{"href":"https:\/\/www.luise-dahlem.de\/en\/wp-json\/wp\/v2\/pages\/1766","targetHints":{"allow":["GET"]}}],"collection":[{"href":"https:\/\/www.luise-dahlem.de\/en\/wp-json\/wp\/v2\/pages"}],"about":[{"href":"https:\/\/www.luise-dahlem.de\/en\/wp-json\/wp\/v2\/types\/page"}],"author":[{"embeddable":true,"href":"https:\/\/www.luise-dahlem.de\/en\/wp-json\/wp\/v2\/users\/1"}],"replies":[{"embeddable":true,"href":"https:\/\/www.luise-dahlem.de\/en\/wp-json\/wp\/v2\/comments?post=1766"}],"version-history":[{"count":15,"href":"https:\/\/www.luise-dahlem.de\/en\/wp-json\/wp\/v2\/pages\/1766\/revisions"}],"predecessor-version":[{"id":3273,"href":"https:\/\/www.luise-dahlem.de\/en\/wp-json\/wp\/v2\/pages\/1766\/revisions\/3273"}],"wp:attachment":[{"href":"https:\/\/www.luise-dahlem.de\/en\/wp-json\/wp\/v2\/media?parent=1766"}],"curies":[{"name":"wp","href":"https:\/\/api.w.org\/{rel}","templated":true}]}}